{"id":2274,"date":"2020-04-14T13:33:45","date_gmt":"2020-04-14T11:33:45","guid":{"rendered":"https:\/\/www.ifs-france.eu\/nos-realisations\/"},"modified":"2026-04-16T12:31:28","modified_gmt":"2026-04-16T10:31:28","slug":"our-projects","status":"publish","type":"page","link":"https:\/\/www.ifs-france.eu\/en\/our-projects\/","title":{"rendered":"Our projects"},"content":{"rendered":"\t\t<div data-elementor-type=\"wp-page\" data-elementor-id=\"2274\" class=\"elementor elementor-2274 elementor-39\" data-elementor-post-type=\"page\">\n\t\t\t\t\t\t<section class=\"elementor-section elementor-top-section elementor-element elementor-element-3b58586 elementor-section-boxed elementor-section-height-default elementor-section-height-default\" data-id=\"3b58586\" data-element_type=\"section\" data-e-type=\"section\">\n\t\t\t\t\t\t<div class=\"elementor-container elementor-column-gap-default\">\n\t\t\t\t\t<div class=\"elementor-column elementor-col-100 elementor-top-column elementor-element elementor-element-5ab4f64\" data-id=\"5ab4f64\" data-element_type=\"column\" data-e-type=\"column\">\n\t\t\t<div class=\"elementor-widget-wrap elementor-element-populated\">\n\t\t\t\t\t\t<div class=\"elementor-element elementor-element-c783599 ligne center elementor-widget-divider--view-line elementor-widget elementor-widget-divider\" data-id=\"c783599\" data-element_type=\"widget\" data-e-type=\"widget\" data-widget_type=\"divider.default\">\n\t\t\t\t<div class=\"elementor-widget-container\">\n\t\t\t\t\t\t\t<div class=\"elementor-divider\">\n\t\t\t<span class=\"elementor-divider-separator\">\n\t\t\t\t\t\t<\/span>\n\t\t<\/div>\n\t\t\t\t\t\t<\/div>\n\t\t\t\t<\/div>\n\t\t\t\t<div class=\"elementor-element elementor-element-377b9a3 center elementor-widget elementor-widget-text-editor\" data-id=\"377b9a3\" data-element_type=\"widget\" data-e-type=\"widget\" data-widget_type=\"text-editor.default\">\n\t\t\t\t<div class=\"elementor-widget-container\">\n\t\t\t\t\t\t\t\t\t<h2>Our references in fastening systems: proven technical solutions on large-scale construction sites in France and internationally<\/h2>\t\t\t\t\t\t\t\t<\/div>\n\t\t\t\t<\/div>\n\t\t\t\t\t<\/div>\n\t\t<\/div>\n\t\t\t\t\t<\/div>\n\t\t<\/section>\n\t\t\t\t<section class=\"elementor-section elementor-top-section elementor-element elementor-element-ffc902a no_margin elementor-section-boxed elementor-section-height-default elementor-section-height-default\" data-id=\"ffc902a\" data-element_type=\"section\" data-e-type=\"section\">\n\t\t\t\t\t\t<div class=\"elementor-container elementor-column-gap-default\">\n\t\t\t\t\t<div class=\"elementor-column elementor-col-100 elementor-top-column elementor-element elementor-element-8daa7c1\" data-id=\"8daa7c1\" data-element_type=\"column\" data-e-type=\"column\">\n\t\t\t<div class=\"elementor-widget-wrap elementor-element-populated\">\n\t\t\t\t\t\t<div class=\"elementor-element elementor-element-717b5f5 elementor-widget elementor-widget-gallery\" data-id=\"717b5f5\" data-element_type=\"widget\" data-e-type=\"widget\" data-settings=\"{&quot;aspect_ratio&quot;:&quot;1:1&quot;,&quot;overlay_title&quot;:&quot;title&quot;,&quot;lazyload&quot;:&quot;yes&quot;,&quot;gallery_layout&quot;:&quot;grid&quot;,&quot;columns&quot;:4,&quot;columns_tablet&quot;:2,&quot;columns_mobile&quot;:1,&quot;gap&quot;:{&quot;unit&quot;:&quot;px&quot;,&quot;size&quot;:10,&quot;sizes&quot;:[]},&quot;gap_tablet&quot;:{&quot;unit&quot;:&quot;px&quot;,&quot;size&quot;:10,&quot;sizes&quot;:[]},&quot;gap_mobile&quot;:{&quot;unit&quot;:&quot;px&quot;,&quot;size&quot;:10,&quot;sizes&quot;:[]},&quot;link_to&quot;:&quot;file&quot;,&quot;overlay_background&quot;:&quot;yes&quot;,&quot;content_hover_animation&quot;:&quot;fade-in&quot;}\" data-widget_type=\"gallery.default\">\n\t\t\t\t<div class=\"elementor-widget-container\">\n\t\t\t\t\t\t\t<div class=\"elementor-gallery__container\">\n\t\t\t\t\t\t\t<a class=\"e-gallery-item elementor-gallery-item elementor-animated-content\" href=\"https:\/\/www.ifs-france.eu\/public\/uploads\/2023\/11\/Airr-Rennes.jpg\" data-elementor-open-lightbox=\"yes\" data-elementor-lightbox-slideshow=\"717b5f5\" data-elementor-lightbox-title=\"Airr-Rennes\" data-e-action-hash=\"#elementor-action%3Aaction%3Dlightbox%26settings%3DeyJpZCI6Nzk5LCJ1cmwiOiJodHRwczpcL1wvd3d3Lmlmcy1mcmFuY2UuZXVcL3B1YmxpY1wvdXBsb2Fkc1wvMjAyM1wvMTFcL0FpcnItUmVubmVzLmpwZyIsInNsaWRlc2hvdyI6IjcxN2I1ZjUifQ%3D%3D\">\n\t\t\t\t\t<div class=\"e-gallery-image elementor-gallery-item__image\" data-thumbnail=\"https:\/\/www.ifs-france.eu\/public\/uploads\/2023\/11\/Airr-Rennes-768x1024.jpg\" data-width=\"768\" data-height=\"1024\" aria-label=\"Image d&#039;appartements en construction\" role=\"img\" ><\/div>\n\t\t\t\t\t\t\t\t\t\t\t<div class=\"elementor-gallery-item__overlay\"><\/div>\n\t\t\t\t\t\t\t\t\t\t\t\t\t\t\t<div class=\"elementor-gallery-item__content\">\n\t\t\t\t\t\t\t\t\t\t\t\t\t\t<div class=\"elementor-gallery-item__title\">\n\t\t\t\t\t\t\t\t\t\t\t\t\t\t\t\t\t\tAirr-Rennes\t\t\t\t\t\t\t\t<\/div>\n\t\t\t\t\t\t\t\t\t\t\t\t<\/div>\n\t\t\t\t\t\t\t\t\t<\/a>\n\t\t\t\t\t\t\t<a class=\"e-gallery-item elementor-gallery-item elementor-animated-content\" href=\"https:\/\/www.ifs-france.eu\/public\/uploads\/2023\/11\/Gentilly.jpg\" data-elementor-open-lightbox=\"yes\" data-elementor-lightbox-slideshow=\"717b5f5\" data-elementor-lightbox-title=\"Gentilly\" data-e-action-hash=\"#elementor-action%3Aaction%3Dlightbox%26settings%3DeyJpZCI6NzkxLCJ1cmwiOiJodHRwczpcL1wvd3d3Lmlmcy1mcmFuY2UuZXVcL3B1YmxpY1wvdXBsb2Fkc1wvMjAyM1wvMTFcL0dlbnRpbGx5LmpwZyIsInNsaWRlc2hvdyI6IjcxN2I1ZjUifQ%3D%3D\">\n\t\t\t\t\t<div class=\"e-gallery-image elementor-gallery-item__image\" data-thumbnail=\"https:\/\/www.ifs-france.eu\/public\/uploads\/2023\/11\/Gentilly-768x571.jpg\" data-width=\"768\" data-height=\"571\" aria-label=\"Prise de vue a\u00e9rienne d&#039;un site de construction\" role=\"img\" ><\/div>\n\t\t\t\t\t\t\t\t\t\t\t<div class=\"elementor-gallery-item__overlay\"><\/div>\n\t\t\t\t\t\t\t\t\t\t\t\t\t\t\t<div class=\"elementor-gallery-item__content\">\n\t\t\t\t\t\t\t\t\t\t\t\t\t\t<div class=\"elementor-gallery-item__title\">\n\t\t\t\t\t\t\t\t\t\t\t\t\t\t\t\t\t\tGentilly\t\t\t\t\t\t\t\t<\/div>\n\t\t\t\t\t\t\t\t\t\t\t\t<\/div>\n\t\t\t\t\t\t\t\t\t<\/a>\n\t\t\t\t\t\t\t<a class=\"e-gallery-item elementor-gallery-item elementor-animated-content\" href=\"https:\/\/www.ifs-france.eu\/public\/uploads\/2023\/11\/Blois.jpg\" data-elementor-open-lightbox=\"yes\" data-elementor-lightbox-slideshow=\"717b5f5\" data-elementor-lightbox-title=\"Blois\" data-e-action-hash=\"#elementor-action%3Aaction%3Dlightbox%26settings%3DeyJpZCI6ODA1LCJ1cmwiOiJodHRwczpcL1wvd3d3Lmlmcy1mcmFuY2UuZXVcL3B1YmxpY1wvdXBsb2Fkc1wvMjAyM1wvMTFcL0Jsb2lzLmpwZyIsInNsaWRlc2hvdyI6IjcxN2I1ZjUifQ%3D%3D\">\n\t\t\t\t\t<div class=\"e-gallery-image elementor-gallery-item__image\" data-thumbnail=\"https:\/\/www.ifs-france.eu\/public\/uploads\/2023\/11\/Blois.jpg\" data-width=\"228\" data-height=\"304\" aria-label=\"\" role=\"img\" ><\/div>\n\t\t\t\t\t\t\t\t\t\t\t<div class=\"elementor-gallery-item__overlay\"><\/div>\n\t\t\t\t\t\t\t\t\t\t\t\t\t\t\t<div class=\"elementor-gallery-item__content\">\n\t\t\t\t\t\t\t\t\t\t\t\t\t\t<div class=\"elementor-gallery-item__title\">\n\t\t\t\t\t\t\t\t\t\t\t\t\t\t\t\t\t\tBlois\t\t\t\t\t\t\t\t<\/div>\n\t\t\t\t\t\t\t\t\t\t\t\t<\/div>\n\t\t\t\t\t\t\t\t\t<\/a>\n\t\t\t\t\t\t\t<a class=\"e-gallery-item elementor-gallery-item elementor-animated-content\" href=\"https:\/\/www.ifs-france.eu\/public\/uploads\/2023\/11\/Pont-de-lAlma.jpg\" data-elementor-open-lightbox=\"yes\" data-elementor-lightbox-slideshow=\"717b5f5\" data-elementor-lightbox-title=\"Pont de l&#039;Alma\" data-e-action-hash=\"#elementor-action%3Aaction%3Dlightbox%26settings%3DeyJpZCI6Nzk0LCJ1cmwiOiJodHRwczpcL1wvd3d3Lmlmcy1mcmFuY2UuZXVcL3B1YmxpY1wvdXBsb2Fkc1wvMjAyM1wvMTFcL1BvbnQtZGUtbEFsbWEuanBnIiwic2xpZGVzaG93IjoiNzE3YjVmNSJ9\">\n\t\t\t\t\t<div class=\"e-gallery-image elementor-gallery-item__image\" data-thumbnail=\"https:\/\/www.ifs-france.eu\/public\/uploads\/2023\/11\/Pont-de-lAlma-768x428.jpg\" data-width=\"768\" data-height=\"428\" aria-label=\"\" role=\"img\" ><\/div>\n\t\t\t\t\t\t\t\t\t\t\t<div class=\"elementor-gallery-item__overlay\"><\/div>\n\t\t\t\t\t\t\t\t\t\t\t\t\t\t\t<div class=\"elementor-gallery-item__content\">\n\t\t\t\t\t\t\t\t\t\t\t\t\t\t<div class=\"elementor-gallery-item__title\">\n\t\t\t\t\t\t\t\t\t\t\t\t\t\t\t\t\t\tPont de l'Alma\t\t\t\t\t\t\t\t<\/div>\n\t\t\t\t\t\t\t\t\t\t\t\t<\/div>\n\t\t\t\t\t\t\t\t\t<\/a>\n\t\t\t\t\t\t\t<a class=\"e-gallery-item elementor-gallery-item elementor-animated-content\" href=\"https:\/\/www.ifs-france.eu\/public\/uploads\/2023\/11\/Mairie-Bolbec.jpg\" data-elementor-open-lightbox=\"yes\" data-elementor-lightbox-slideshow=\"717b5f5\" data-elementor-lightbox-title=\"Mairie-Bolbec\" data-e-action-hash=\"#elementor-action%3Aaction%3Dlightbox%26settings%3DeyJpZCI6NzkyLCJ1cmwiOiJodHRwczpcL1wvd3d3Lmlmcy1mcmFuY2UuZXVcL3B1YmxpY1wvdXBsb2Fkc1wvMjAyM1wvMTFcL01haXJpZS1Cb2xiZWMuanBnIiwic2xpZGVzaG93IjoiNzE3YjVmNSJ9\">\n\t\t\t\t\t<div class=\"e-gallery-image elementor-gallery-item__image\" data-thumbnail=\"https:\/\/www.ifs-france.eu\/public\/uploads\/2023\/11\/Mairie-Bolbec-768x768.jpg\" data-width=\"768\" data-height=\"768\" aria-label=\"\" role=\"img\" ><\/div>\n\t\t\t\t\t\t\t\t\t\t\t<div class=\"elementor-gallery-item__overlay\"><\/div>\n\t\t\t\t\t\t\t\t\t\t\t\t\t\t\t<div class=\"elementor-gallery-item__content\">\n\t\t\t\t\t\t\t\t\t\t\t\t\t\t<div class=\"elementor-gallery-item__title\">\n\t\t\t\t\t\t\t\t\t\t\t\t\t\t\t\t\t\tMairie-Bolbec\t\t\t\t\t\t\t\t<\/div>\n\t\t\t\t\t\t\t\t\t\t\t\t<\/div>\n\t\t\t\t\t\t\t\t\t<\/a>\n\t\t\t\t\t\t\t<a class=\"e-gallery-item elementor-gallery-item elementor-animated-content\" href=\"https:\/\/www.ifs-france.eu\/public\/uploads\/2023\/11\/Monaco.jpg\" data-elementor-open-lightbox=\"yes\" data-elementor-lightbox-slideshow=\"717b5f5\" data-elementor-lightbox-title=\"Monaco\" data-e-action-hash=\"#elementor-action%3Aaction%3Dlightbox%26settings%3DeyJpZCI6Nzk4LCJ1cmwiOiJodHRwczpcL1wvd3d3Lmlmcy1mcmFuY2UuZXVcL3B1YmxpY1wvdXBsb2Fkc1wvMjAyM1wvMTFcL01vbmFjby5qcGciLCJzbGlkZXNob3ciOiI3MTdiNWY1In0%3D\">\n\t\t\t\t\t<div class=\"e-gallery-image elementor-gallery-item__image\" data-thumbnail=\"https:\/\/www.ifs-france.eu\/public\/uploads\/2023\/11\/Monaco-768x432.jpg\" data-width=\"768\" data-height=\"432\" aria-label=\"Image de la fa\u00e7ade d&#039;un h\u00f4tel chic\" role=\"img\" ><\/div>\n\t\t\t\t\t\t\t\t\t\t\t<div class=\"elementor-gallery-item__overlay\"><\/div>\n\t\t\t\t\t\t\t\t\t\t\t\t\t\t\t<div class=\"elementor-gallery-item__content\">\n\t\t\t\t\t\t\t\t\t\t\t\t\t\t<div class=\"elementor-gallery-item__title\">\n\t\t\t\t\t\t\t\t\t\t\t\t\t\t\t\t\t\tMonaco\t\t\t\t\t\t\t\t<\/div>\n\t\t\t\t\t\t\t\t\t\t\t\t<\/div>\n\t\t\t\t\t\t\t\t\t<\/a>\n\t\t\t\t\t\t\t<a class=\"e-gallery-item elementor-gallery-item elementor-animated-content\" href=\"https:\/\/www.ifs-france.eu\/public\/uploads\/2023\/11\/Lycee-du-Pays-de-lAbresle.jpg\" data-elementor-open-lightbox=\"yes\" data-elementor-lightbox-slideshow=\"717b5f5\" data-elementor-lightbox-title=\"Lyc\u00e9e-du-Pays-de-l&#039;Abresle\" data-e-action-hash=\"#elementor-action%3Aaction%3Dlightbox%26settings%3DeyJpZCI6ODAyLCJ1cmwiOiJodHRwczpcL1wvd3d3Lmlmcy1mcmFuY2UuZXVcL3B1YmxpY1wvdXBsb2Fkc1wvMjAyM1wvMTFcL0x5Y2VlLWR1LVBheXMtZGUtbEFicmVzbGUuanBnIiwic2xpZGVzaG93IjoiNzE3YjVmNSJ9\">\n\t\t\t\t\t<div class=\"e-gallery-image elementor-gallery-item__image\" data-thumbnail=\"https:\/\/www.ifs-france.eu\/public\/uploads\/2023\/11\/Lycee-du-Pays-de-lAbresle-768x462.jpg\" data-width=\"768\" data-height=\"462\" aria-label=\"Image de la fa\u00e7ade d&#039;un b\u00e2timent\" role=\"img\" ><\/div>\n\t\t\t\t\t\t\t\t\t\t\t<div class=\"elementor-gallery-item__overlay\"><\/div>\n\t\t\t\t\t\t\t\t\t\t\t\t\t\t\t<div class=\"elementor-gallery-item__content\">\n\t\t\t\t\t\t\t\t\t\t\t\t\t\t<div class=\"elementor-gallery-item__title\">\n\t\t\t\t\t\t\t\t\t\t\t\t\t\t\t\t\t\tLyc\u00e9e-du-Pays-de-l'Abresle\t\t\t\t\t\t\t\t<\/div>\n\t\t\t\t\t\t\t\t\t\t\t\t<\/div>\n\t\t\t\t\t\t\t\t\t<\/a>\n\t\t\t\t\t\t\t<a class=\"e-gallery-item elementor-gallery-item elementor-animated-content\" href=\"https:\/\/www.ifs-france.eu\/public\/uploads\/2023\/11\/Orsay.jpg\" data-elementor-open-lightbox=\"yes\" data-elementor-lightbox-slideshow=\"717b5f5\" data-elementor-lightbox-title=\"Orsay\" data-e-action-hash=\"#elementor-action%3Aaction%3Dlightbox%26settings%3DeyJpZCI6ODAxLCJ1cmwiOiJodHRwczpcL1wvd3d3Lmlmcy1mcmFuY2UuZXVcL3B1YmxpY1wvdXBsb2Fkc1wvMjAyM1wvMTFcL09yc2F5LmpwZyIsInNsaWRlc2hvdyI6IjcxN2I1ZjUifQ%3D%3D\">\n\t\t\t\t\t<div class=\"e-gallery-image elementor-gallery-item__image\" data-thumbnail=\"https:\/\/www.ifs-france.eu\/public\/uploads\/2023\/11\/Orsay.jpg\" data-width=\"495\" data-height=\"400\" aria-label=\"Image d&#039;un b\u00e2timent moderne blanc\" role=\"img\" ><\/div>\n\t\t\t\t\t\t\t\t\t\t\t<div class=\"elementor-gallery-item__overlay\"><\/div>\n\t\t\t\t\t\t\t\t\t\t\t\t\t\t\t<div class=\"elementor-gallery-item__content\">\n\t\t\t\t\t\t\t\t\t\t\t\t\t\t<div class=\"elementor-gallery-item__title\">\n\t\t\t\t\t\t\t\t\t\t\t\t\t\t\t\t\t\tOrsay\t\t\t\t\t\t\t\t<\/div>\n\t\t\t\t\t\t\t\t\t\t\t\t<\/div>\n\t\t\t\t\t\t\t\t\t<\/a>\n\t\t\t\t\t\t\t<a class=\"e-gallery-item elementor-gallery-item elementor-animated-content\" href=\"https:\/\/www.ifs-france.eu\/public\/uploads\/2023\/11\/Les-Terrasses-St-Germain.jpg\" data-elementor-open-lightbox=\"yes\" data-elementor-lightbox-slideshow=\"717b5f5\" data-elementor-lightbox-title=\"Les-Terrasses-St-Germain\" data-e-action-hash=\"#elementor-action%3Aaction%3Dlightbox%26settings%3DeyJpZCI6ODAzLCJ1cmwiOiJodHRwczpcL1wvd3d3Lmlmcy1mcmFuY2UuZXVcL3B1YmxpY1wvdXBsb2Fkc1wvMjAyM1wvMTFcL0xlcy1UZXJyYXNzZXMtU3QtR2VybWFpbi5qcGciLCJzbGlkZXNob3ciOiI3MTdiNWY1In0%3D\">\n\t\t\t\t\t<div class=\"e-gallery-image elementor-gallery-item__image\" data-thumbnail=\"https:\/\/www.ifs-france.eu\/public\/uploads\/2023\/11\/Les-Terrasses-St-Germain-768x510.jpg\" data-width=\"768\" data-height=\"510\" aria-label=\"Image d&#039;un b\u00e2timent en construction\" role=\"img\" ><\/div>\n\t\t\t\t\t\t\t\t\t\t\t<div class=\"elementor-gallery-item__overlay\"><\/div>\n\t\t\t\t\t\t\t\t\t\t\t\t\t\t\t<div class=\"elementor-gallery-item__content\">\n\t\t\t\t\t\t\t\t\t\t\t\t\t\t<div class=\"elementor-gallery-item__title\">\n\t\t\t\t\t\t\t\t\t\t\t\t\t\t\t\t\t\tLes-Terrasses-St-Germain\t\t\t\t\t\t\t\t<\/div>\n\t\t\t\t\t\t\t\t\t\t\t\t<\/div>\n\t\t\t\t\t\t\t\t\t<\/a>\n\t\t\t\t\t\t\t<a class=\"e-gallery-item elementor-gallery-item elementor-animated-content\" href=\"https:\/\/www.ifs-france.eu\/public\/uploads\/2023\/11\/Clamart.jpg\" data-elementor-open-lightbox=\"yes\" data-elementor-lightbox-slideshow=\"717b5f5\" data-elementor-lightbox-title=\"Clamart\" data-e-action-hash=\"#elementor-action%3Aaction%3Dlightbox%26settings%3DeyJpZCI6Nzk2LCJ1cmwiOiJodHRwczpcL1wvd3d3Lmlmcy1mcmFuY2UuZXVcL3B1YmxpY1wvdXBsb2Fkc1wvMjAyM1wvMTFcL0NsYW1hcnQuanBnIiwic2xpZGVzaG93IjoiNzE3YjVmNSJ9\">\n\t\t\t\t\t<div class=\"e-gallery-image elementor-gallery-item__image\" data-thumbnail=\"https:\/\/www.ifs-france.eu\/public\/uploads\/2023\/11\/Clamart-768x716.jpg\" data-width=\"768\" data-height=\"716\" aria-label=\"\" role=\"img\" ><\/div>\n\t\t\t\t\t\t\t\t\t\t\t<div class=\"elementor-gallery-item__overlay\"><\/div>\n\t\t\t\t\t\t\t\t\t\t\t\t\t\t\t<div class=\"elementor-gallery-item__content\">\n\t\t\t\t\t\t\t\t\t\t\t\t\t\t<div class=\"elementor-gallery-item__title\">\n\t\t\t\t\t\t\t\t\t\t\t\t\t\t\t\t\t\tClamart\t\t\t\t\t\t\t\t<\/div>\n\t\t\t\t\t\t\t\t\t\t\t\t<\/div>\n\t\t\t\t\t\t\t\t\t<\/a>\n\t\t\t\t\t\t\t<a class=\"e-gallery-item elementor-gallery-item elementor-animated-content\" href=\"https:\/\/www.ifs-france.eu\/public\/uploads\/2023\/11\/Royal-Champagne-Moucharabieh-pierre.jpg\" data-elementor-open-lightbox=\"yes\" data-elementor-lightbox-slideshow=\"717b5f5\" data-elementor-lightbox-title=\"Royal-Champagne--Moucharabieh-pierre\" data-e-action-hash=\"#elementor-action%3Aaction%3Dlightbox%26settings%3DeyJpZCI6Nzk3LCJ1cmwiOiJodHRwczpcL1wvd3d3Lmlmcy1mcmFuY2UuZXVcL3B1YmxpY1wvdXBsb2Fkc1wvMjAyM1wvMTFcL1JveWFsLUNoYW1wYWduZS1Nb3VjaGFyYWJpZWgtcGllcnJlLmpwZyIsInNsaWRlc2hvdyI6IjcxN2I1ZjUifQ%3D%3D\">\n\t\t\t\t\t<div class=\"e-gallery-image elementor-gallery-item__image\" data-thumbnail=\"https:\/\/www.ifs-france.eu\/public\/uploads\/2023\/11\/Royal-Champagne-Moucharabieh-pierre-768x1366.jpg\" data-width=\"768\" data-height=\"1366\" aria-label=\"Image de la fa\u00e7ade d&#039;un b\u00e2timent\" role=\"img\" ><\/div>\n\t\t\t\t\t\t\t\t\t\t\t<div class=\"elementor-gallery-item__overlay\"><\/div>\n\t\t\t\t\t\t\t\t\t\t\t\t\t\t\t<div class=\"elementor-gallery-item__content\">\n\t\t\t\t\t\t\t\t\t\t\t\t\t\t<div class=\"elementor-gallery-item__title\">\n\t\t\t\t\t\t\t\t\t\t\t\t\t\t\t\t\t\tRoyal-Champagne--Moucharabieh-pierre\t\t\t\t\t\t\t\t<\/div>\n\t\t\t\t\t\t\t\t\t\t\t\t<\/div>\n\t\t\t\t\t\t\t\t\t<\/a>\n\t\t\t\t\t\t\t<a class=\"e-gallery-item elementor-gallery-item elementor-animated-content\" href=\"https:\/\/www.ifs-france.eu\/public\/uploads\/2023\/11\/Hotel-St-Oeun.jpg\" data-elementor-open-lightbox=\"yes\" data-elementor-lightbox-slideshow=\"717b5f5\" data-elementor-lightbox-title=\"Hotel-St-Oeun\" data-e-action-hash=\"#elementor-action%3Aaction%3Dlightbox%26settings%3DeyJpZCI6NzkzLCJ1cmwiOiJodHRwczpcL1wvd3d3Lmlmcy1mcmFuY2UuZXVcL3B1YmxpY1wvdXBsb2Fkc1wvMjAyM1wvMTFcL0hvdGVsLVN0LU9ldW4uanBnIiwic2xpZGVzaG93IjoiNzE3YjVmNSJ9\">\n\t\t\t\t\t<div class=\"e-gallery-image elementor-gallery-item__image\" data-thumbnail=\"https:\/\/www.ifs-france.eu\/public\/uploads\/2023\/11\/Hotel-St-Oeun-768x1024.jpg\" data-width=\"768\" data-height=\"1024\" aria-label=\"\" role=\"img\" ><\/div>\n\t\t\t\t\t\t\t\t\t\t\t<div class=\"elementor-gallery-item__overlay\"><\/div>\n\t\t\t\t\t\t\t\t\t\t\t\t\t\t\t<div class=\"elementor-gallery-item__content\">\n\t\t\t\t\t\t\t\t\t\t\t\t\t\t<div class=\"elementor-gallery-item__title\">\n\t\t\t\t\t\t\t\t\t\t\t\t\t\t\t\t\t\tHotel-St-Oeun\t\t\t\t\t\t\t\t<\/div>\n\t\t\t\t\t\t\t\t\t\t\t\t<\/div>\n\t\t\t\t\t\t\t\t\t<\/a>\n\t\t\t\t\t\t\t<a class=\"e-gallery-item elementor-gallery-item elementor-animated-content\" href=\"https:\/\/www.ifs-france.eu\/public\/uploads\/2023\/11\/NOVOTEL-COEUR-DORLY.jpg\" data-elementor-open-lightbox=\"yes\" data-elementor-lightbox-slideshow=\"717b5f5\" data-elementor-lightbox-title=\"NOVOTEL COEUR D&#039;ORLY\" data-e-action-hash=\"#elementor-action%3Aaction%3Dlightbox%26settings%3DeyJpZCI6ODA0LCJ1cmwiOiJodHRwczpcL1wvd3d3Lmlmcy1mcmFuY2UuZXVcL3B1YmxpY1wvdXBsb2Fkc1wvMjAyM1wvMTFcL05PVk9URUwtQ09FVVItRE9STFkuanBnIiwic2xpZGVzaG93IjoiNzE3YjVmNSJ9\">\n\t\t\t\t\t<div class=\"e-gallery-image elementor-gallery-item__image\" data-thumbnail=\"https:\/\/www.ifs-france.eu\/public\/uploads\/2023\/11\/NOVOTEL-COEUR-DORLY-768x319.jpg\" data-width=\"768\" data-height=\"319\" aria-label=\"Image de la fa\u00e7ade d&#039;un b\u00e2timents avec de nombreuses fen\u00eatres\" role=\"img\" ><\/div>\n\t\t\t\t\t\t\t\t\t\t\t<div class=\"elementor-gallery-item__overlay\"><\/div>\n\t\t\t\t\t\t\t\t\t\t\t\t\t\t\t<div class=\"elementor-gallery-item__content\">\n\t\t\t\t\t\t\t\t\t\t\t\t\t\t<div class=\"elementor-gallery-item__title\">\n\t\t\t\t\t\t\t\t\t\t\t\t\t\t\t\t\t\tNOVOTEL COEUR D'ORLY\t\t\t\t\t\t\t\t<\/div>\n\t\t\t\t\t\t\t\t\t\t\t\t<\/div>\n\t\t\t\t\t\t\t\t\t<\/a>\n\t\t\t\t\t\t\t<a class=\"e-gallery-item elementor-gallery-item elementor-animated-content\" href=\"https:\/\/www.ifs-france.eu\/public\/uploads\/2023\/11\/Citee-Municipale-de-Bordeaux.jpg\" data-elementor-open-lightbox=\"yes\" data-elementor-lightbox-slideshow=\"717b5f5\" data-elementor-lightbox-title=\"Cit\u00e9e-Municipale-de-Bordeaux\" data-e-action-hash=\"#elementor-action%3Aaction%3Dlightbox%26settings%3DeyJpZCI6ODA2LCJ1cmwiOiJodHRwczpcL1wvd3d3Lmlmcy1mcmFuY2UuZXVcL3B1YmxpY1wvdXBsb2Fkc1wvMjAyM1wvMTFcL0NpdGVlLU11bmljaXBhbGUtZGUtQm9yZGVhdXguanBnIiwic2xpZGVzaG93IjoiNzE3YjVmNSJ9\">\n\t\t\t\t\t<div class=\"e-gallery-image elementor-gallery-item__image\" data-thumbnail=\"https:\/\/www.ifs-france.eu\/public\/uploads\/2023\/11\/Citee-Municipale-de-Bordeaux-768x432.jpg\" data-width=\"768\" data-height=\"432\" aria-label=\"Image de la fa\u00e7ade d&#039;un b\u00e2timents en ville avec de nombreuses fen\u00eatres\" role=\"img\" ><\/div>\n\t\t\t\t\t\t\t\t\t\t\t<div class=\"elementor-gallery-item__overlay\"><\/div>\n\t\t\t\t\t\t\t\t\t\t\t\t\t\t\t<div class=\"elementor-gallery-item__content\">\n\t\t\t\t\t\t\t\t\t\t\t\t\t\t<div class=\"elementor-gallery-item__title\">\n\t\t\t\t\t\t\t\t\t\t\t\t\t\t\t\t\t\tCit\u00e9e-Municipale-de-Bordeaux\t\t\t\t\t\t\t\t<\/div>\n\t\t\t\t\t\t\t\t\t\t\t\t<\/div>\n\t\t\t\t\t\t\t\t\t<\/a>\n\t\t\t\t\t\t\t<a class=\"e-gallery-item elementor-gallery-item elementor-animated-content\" href=\"https:\/\/www.ifs-france.eu\/public\/uploads\/2023\/11\/Hotel-Chevilly.jpg\" data-elementor-open-lightbox=\"yes\" data-elementor-lightbox-slideshow=\"717b5f5\" data-elementor-lightbox-title=\"Hotel Chevilly\" data-e-action-hash=\"#elementor-action%3Aaction%3Dlightbox%26settings%3DeyJpZCI6Nzk1LCJ1cmwiOiJodHRwczpcL1wvd3d3Lmlmcy1mcmFuY2UuZXVcL3B1YmxpY1wvdXBsb2Fkc1wvMjAyM1wvMTFcL0hvdGVsLUNoZXZpbGx5LmpwZyIsInNsaWRlc2hvdyI6IjcxN2I1ZjUifQ%3D%3D\">\n\t\t\t\t\t<div class=\"e-gallery-image elementor-gallery-item__image\" data-thumbnail=\"https:\/\/www.ifs-france.eu\/public\/uploads\/2023\/11\/Hotel-Chevilly-768x573.jpg\" data-width=\"768\" data-height=\"573\" aria-label=\"\" role=\"img\" ><\/div>\n\t\t\t\t\t\t\t\t\t\t\t<div class=\"elementor-gallery-item__overlay\"><\/div>\n\t\t\t\t\t\t\t\t\t\t\t\t\t\t\t<div class=\"elementor-gallery-item__content\">\n\t\t\t\t\t\t\t\t\t\t\t\t\t\t<div class=\"elementor-gallery-item__title\">\n\t\t\t\t\t\t\t\t\t\t\t\t\t\t\t\t\t\tHotel Chevilly\t\t\t\t\t\t\t\t<\/div>\n\t\t\t\t\t\t\t\t\t\t\t\t<\/div>\n\t\t\t\t\t\t\t\t\t<\/a>\n\t\t\t\t\t\t\t<a class=\"e-gallery-item elementor-gallery-item elementor-animated-content\" href=\"https:\/\/www.ifs-france.eu\/public\/uploads\/2023\/11\/LYCEE-CHAPPE-NANTERRE-.jpg\" data-elementor-open-lightbox=\"yes\" data-elementor-lightbox-slideshow=\"717b5f5\" data-elementor-lightbox-title=\"LYCEE CHAPPE NANTERRE -\" data-e-action-hash=\"#elementor-action%3Aaction%3Dlightbox%26settings%3DeyJpZCI6ODAwLCJ1cmwiOiJodHRwczpcL1wvd3d3Lmlmcy1mcmFuY2UuZXVcL3B1YmxpY1wvdXBsb2Fkc1wvMjAyM1wvMTFcL0xZQ0VFLUNIQVBQRS1OQU5URVJSRS0uanBnIiwic2xpZGVzaG93IjoiNzE3YjVmNSJ9\">\n\t\t\t\t\t<div class=\"e-gallery-image elementor-gallery-item__image\" data-thumbnail=\"https:\/\/www.ifs-france.eu\/public\/uploads\/2023\/11\/LYCEE-CHAPPE-NANTERRE--768x576.jpg\" data-width=\"768\" data-height=\"576\" aria-label=\"Image de la fa\u00e7ade noir d&#039;un b\u00e2timent aux fen\u00eatres color\u00e9es\" role=\"img\" ><\/div>\n\t\t\t\t\t\t\t\t\t\t\t<div class=\"elementor-gallery-item__overlay\"><\/div>\n\t\t\t\t\t\t\t\t\t\t\t\t\t\t\t<div class=\"elementor-gallery-item__content\">\n\t\t\t\t\t\t\t\t\t\t\t\t\t\t<div class=\"elementor-gallery-item__title\">\n\t\t\t\t\t\t\t\t\t\t\t\t\t\t\t\t\t\tLYCEE CHAPPE NANTERRE -\t\t\t\t\t\t\t\t<\/div>\n\t\t\t\t\t\t\t\t\t\t\t\t<\/div>\n\t\t\t\t\t\t\t\t\t<\/a>\n\t\t\t\t\t<\/div>\n\t\t\t\t\t<\/div>\n\t\t\t\t<\/div>\n\t\t\t\t\t<\/div>\n\t\t<\/div>\n\t\t\t\t\t<\/div>\n\t\t<\/section>\n\t\t\t\t<\/div>\n\t\t","protected":false},"excerpt":{"rendered":"<p>Our references in fastening systems: proven technical solutions on large-scale construction sites in France and internationally Airr-Rennes Orsay Cit\u00e9e-Municipale-de-Bordeaux Lyc\u00e9e-du-Pays-de-l&#8217;Abresle Monaco NOVOTEL COEUR D&#8217;ORLY Gentilly Blois Clamart Mairie-Bolbec Hotel Chevilly Pont de l&#8217;Alma Hotel-St-Oeun Les-Terrasses-St-Germain LYCEE CHAPPE NANTERRE &#8211; Royal-Champagne&#8211;Moucharabieh-pierre<\/p>\n","protected":false},"author":1,"featured_media":0,"parent":0,"menu_order":0,"comment_status":"closed","ping_status":"closed","template":"","meta":{"_acf_changed":false,"footnotes":""},"class_list":["post-2274","page","type-page","status-publish","hentry"],"acf":[],"_links":{"self":[{"href":"https:\/\/www.ifs-france.eu\/en\/wp-json\/wp\/v2\/pages\/2274","targetHints":{"allow":["GET"]}}],"collection":[{"href":"https:\/\/www.ifs-france.eu\/en\/wp-json\/wp\/v2\/pages"}],"about":[{"href":"https:\/\/www.ifs-france.eu\/en\/wp-json\/wp\/v2\/types\/page"}],"author":[{"embeddable":true,"href":"https:\/\/www.ifs-france.eu\/en\/wp-json\/wp\/v2\/users\/1"}],"replies":[{"embeddable":true,"href":"https:\/\/www.ifs-france.eu\/en\/wp-json\/wp\/v2\/comments?post=2274"}],"version-history":[{"count":12,"href":"https:\/\/www.ifs-france.eu\/en\/wp-json\/wp\/v2\/pages\/2274\/revisions"}],"predecessor-version":[{"id":3510,"href":"https:\/\/www.ifs-france.eu\/en\/wp-json\/wp\/v2\/pages\/2274\/revisions\/3510"}],"wp:attachment":[{"href":"https:\/\/www.ifs-france.eu\/en\/wp-json\/wp\/v2\/media?parent=2274"}],"curies":[{"name":"wp","href":"https:\/\/api.w.org\/{rel}","templated":true}]}}